{"id":69,"date":"2021-01-05T11:37:53","date_gmt":"2021-01-05T10:37:53","guid":{"rendered":"http:\/\/www.mahet.de\/mahet\/?page_id=69"},"modified":"2021-01-14T14:21:00","modified_gmt":"2021-01-14T13:21:00","slug":"horror","status":"publish","type":"page","link":"https:\/\/www.mahet.de\/?page_id=69","title":{"rendered":"Horror"},"content":{"rendered":"<div id=\"pl-69\"  class=\"panel-layout\" ><div id=\"pg-69-0\"  class=\"panel-grid panel-no-style\" ><div id=\"pgc-69-0-0\"  class=\"panel-grid-cell\" ><div id=\"panel-69-0-0-0\" class=\"so-panel widget widget_text panel-first-child panel-last-child\" data-index=\"0\" >\t\t\t<div class=\"textwidget\"><h1><strong>HORROR<\/strong><\/h1>\n<p>Es gibt einen losen inhaltlichen Zusammenhang zwischen den Romanen. Zu einem sp\u00e4teren Zeitpunkt laufen die F\u00e4den in der Reihe DIE MEISTERIN zusammen.<\/p>\n<p>Die Werke sind einzeln lesbar, aber wer sie nacheinander liest, hat noch mehr Spa\u00df dabei. Die meisten Romane verfolgen einen historischen und einen Gegenwartsteil, die sich verweben und zu einem gro\u00dfen Ganzen f\u00fchren.<\/p>\n<p>W\u00e4hrend \u201eVampire! Vampire!\u201c ein heiteres Lach- und Sachbuch zum Thema Vampire ist.<\/p>\n<p>Ritus \/\/ Sanctum<br \/>\n(Kategorie: Werwolf &amp; Wandelwesen)<\/p>\n<p>Blutportale<br \/>\n(Kategorie: Dimensionen)<\/p>\n<p>Judas-Reihe:<br \/>\nKinder des Judas<br \/>\nJudassohn<br \/>\nJudast\u00f6chter<br \/>\n(Kategorie: Vampir)<\/p>\n<p>Oneiros \u2013 T\u00f6dlicher Fluch<br \/>\n(Kategorie: Todesschl\u00e4fer)<\/p>\n<p>Exkarnation \u2013 Krieg der alten Seelen<br \/>\nExkarnation \u2013 Seelensterben<br \/>\n(Kategorie: Seelenwanderer)<\/p>\n<\/div>\n\t\t<\/div><\/div><\/div><div id=\"pg-69-1\"  class=\"panel-grid panel-no-style\" ><div id=\"pgc-69-1-0\"  class=\"panel-grid-cell\" ><div id=\"panel-69-1-0-0\" class=\"so-panel widget widget_media_image panel-first-child\" data-index=\"1\" ><img loading=\"lazy\" decoding=\"async\" width=\"300\" height=\"456\" src=\"https:\/\/www.mahet.de\/mahet\/wp-content\/uploads\/2021\/01\/Ritus-673x1024.jpg\" class=\"image wp-image-758  attachment-300x456 size-300x456\" alt=\"\" style=\"max-width: 100%; height: auto;\" srcset=\"https:\/\/www.mahet.de\/mahet\/wp-content\/uploads\/2021\/01\/Ritus-673x1024.jpg 673w, https:\/\/www.mahet.de\/mahet\/wp-content\/uploads\/2021\/01\/Ritus-197x300.jpg 197w, https:\/\/www.mahet.de\/mahet\/wp-content\/uploads\/2021\/01\/Ritus-768x1168.jpg 768w, https:\/\/www.mahet.de\/mahet\/wp-content\/uploads\/2021\/01\/Ritus-1010x1536.jpg 1010w, https:\/\/www.mahet.de\/mahet\/wp-content\/uploads\/2021\/01\/Ritus-1347x2048.jpg 1347w, https:\/\/www.mahet.de\/mahet\/wp-content\/uploads\/2021\/01\/Ritus.jpg 1600w\" sizes=\"auto, (max-width: 300px) 100vw, 300px\" \/><\/div><div id=\"panel-69-1-0-1\" class=\"so-panel widget widget_media_image panel-last-child\" data-index=\"2\" ><img loading=\"lazy\" decoding=\"async\" width=\"282\" height=\"429\" src=\"https:\/\/www.mahet.de\/mahet\/wp-content\/uploads\/2021\/01\/Sanctum.jpg\" class=\"image wp-image-759  attachment-300x456 size-300x456\" alt=\"\" style=\"max-width: 100%; height: auto;\" srcset=\"https:\/\/www.mahet.de\/mahet\/wp-content\/uploads\/2021\/01\/Sanctum.jpg 282w, https:\/\/www.mahet.de\/mahet\/wp-content\/uploads\/2021\/01\/Sanctum-197x300.jpg 197w\" sizes=\"auto, (max-width: 282px) 100vw, 282px\" \/><\/div><\/div><div id=\"pgc-69-1-1\"  class=\"panel-grid-cell\" ><div id=\"panel-69-1-1-0\" class=\"so-panel widget widget_text panel-first-child panel-last-child\" data-index=\"3\" >\t\t\t<div class=\"textwidget\"><h2>RITUS \/\/ SANCTUM<\/h2>\n<p>(Kategorie: Werwolf &amp; Wandelwesen)<\/p>\n<p>Beide Romane haben die Legende von G\u00e9vaudan als Ausgangspunkt. Bis heute ist nicht genau gekl\u00e4rt, was sich im G\u00e9vaudan zugetragen hat &#8211; ich biete eine neue Variante.<\/p>\n<p><strong>Teasertext:<\/strong><\/p>\n<p>Frankreich im Jahre 1764. Die Menschen des G\u00e9vaudan leben in Angst, denn in den umliegenden W\u00e4ldern w\u00fctet ein Untier, dem Frauen, Kinder und selbst starke M\u00e4nner zum Opfer fallen. Ist es ein besonders aggressiver Wolf, wie die Obrigkeit behauptet \u2013 oder das Werk des Teufels, der eins seiner Gesch\u00f6pfe entsandt hat, Angst und Schrecken zu verbreiten? Unter den M\u00e4nnern, die sich auf die Jagd nach dem Untier begeben, ist auch der Wildh\u00fcter Jean Chastel. Er selbst birgt ein dunkles Geheimnis, das ihn untrennbar an die Bestie kettet \u2013 ebenso wie die \u00c4btissin Gregoria. Eine gef\u00e4hrliche Reise f\u00fchrt die beiden schlie\u00dflich nach Rom, denn auch in der Ewigen Stadt beginnt ein D\u00e4mon zu w\u00fcten, dessen Hunger nicht zu stillen ist \u2013 und der auch zweihundert Jahre sp\u00e4ter noch Opfer fordern wird<\/p>\n<p>Rom, Ewige Stadt, Hort uralter Geheimnisse. Hierhin f\u00fchren die Spuren einer Verschw\u00f6rung, in deren Mittelpunkt Eric von Kastell steht, der Werwolfj\u00e4ger. Immer wieder trifft er auf das Verm\u00e4chtnis einer Frau, die im 18. Jahrhundert um ihr Leben k\u00e4mpfte: Gregoria, die \u00c4btissin eines entweihten Klosters. Eric und Gregoria sind untrennbar verbunden durch die heiligste Substanz, die sich auf Erden findet: Das Sanctum kann Wunder wirken \u2013 oder den Tod bringen \u2026<\/p>\n<p>&nbsp;<\/p>\n<\/div>\n\t\t<\/div><\/div><\/div><div id=\"pg-69-2\"  class=\"panel-grid panel-no-style\" ><div id=\"pgc-69-2-0\"  class=\"panel-grid-cell\" ><div id=\"panel-69-2-0-0\" class=\"so-panel widget widget_media_image panel-first-child panel-last-child\" data-index=\"4\" ><img loading=\"lazy\" decoding=\"async\" width=\"300\" height=\"456\" src=\"https:\/\/www.mahet.de\/mahet\/wp-content\/uploads\/2021\/01\/Blutportale-673x1024.jpg\" class=\"image wp-image-743  attachment-300x456 size-300x456\" alt=\"\" style=\"max-width: 100%; height: auto;\" srcset=\"https:\/\/www.mahet.de\/mahet\/wp-content\/uploads\/2021\/01\/Blutportale-673x1024.jpg 673w, https:\/\/www.mahet.de\/mahet\/wp-content\/uploads\/2021\/01\/Blutportale-197x300.jpg 197w, https:\/\/www.mahet.de\/mahet\/wp-content\/uploads\/2021\/01\/Blutportale-768x1168.jpg 768w, https:\/\/www.mahet.de\/mahet\/wp-content\/uploads\/2021\/01\/Blutportale-1010x1536.jpg 1010w, https:\/\/www.mahet.de\/mahet\/wp-content\/uploads\/2021\/01\/Blutportale-1347x2048.jpg 1347w, https:\/\/www.mahet.de\/mahet\/wp-content\/uploads\/2021\/01\/Blutportale.jpg 1600w\" sizes=\"auto, (max-width: 300px) 100vw, 300px\" \/><\/div><\/div><div id=\"pgc-69-2-1\"  class=\"panel-grid-cell\" ><div id=\"panel-69-2-1-0\" class=\"so-panel widget widget_text panel-first-child panel-last-child\" data-index=\"5\" >\t\t\t<div class=\"textwidget\"><h2>BLUTPORTALE<\/h2>\n<p>(Kategorie: Dimensionen)<\/p>\n<p><strong>Teasertext:<\/strong><\/p>\n<p>\u201eAls die Fechterin Saskia bei einem Turnier gegen den geheimnisvollen Levantin antritt, ahnt sie nicht, dass er ein D\u00e4mon ist und seit Jahrhunderten auf sie wartet &#8211; denn tief in ihr schlummert eine Gabe, die nur er erwecken kann.<\/p>\n<p>Levantin will, dass Saskia f\u00fcr ihn die Blutportale \u00f6ffnet, damit er in seine Heimat zur\u00fcckkehren kann. Doch Saskia ist nicht auf ihr dunkles Talent vorbereitet. Und so st\u00f6\u00dft sie unbeabsichtigt T\u00fcren auf, die nie ge\u00f6ffnet werden sollten.\u201c<\/p>\n<p>&nbsp;<\/p>\n<\/div>\n\t\t<\/div><\/div><\/div><div id=\"pg-69-3\"  class=\"panel-grid panel-no-style\" ><div id=\"pgc-69-3-0\"  class=\"panel-grid-cell\" ><div id=\"panel-69-3-0-0\" class=\"so-panel widget widget_media_image panel-first-child panel-last-child\" data-index=\"6\" ><img loading=\"lazy\" decoding=\"async\" width=\"300\" height=\"456\" src=\"https:\/\/www.mahet.de\/mahet\/wp-content\/uploads\/2021\/01\/KinderJudas-673x1024.jpg\" class=\"image wp-image-754  attachment-300x456 size-300x456\" alt=\"\" style=\"max-width: 100%; height: auto;\" srcset=\"https:\/\/www.mahet.de\/mahet\/wp-content\/uploads\/2021\/01\/KinderJudas-673x1024.jpg 673w, https:\/\/www.mahet.de\/mahet\/wp-content\/uploads\/2021\/01\/KinderJudas-197x300.jpg 197w, https:\/\/www.mahet.de\/mahet\/wp-content\/uploads\/2021\/01\/KinderJudas-768x1168.jpg 768w, https:\/\/www.mahet.de\/mahet\/wp-content\/uploads\/2021\/01\/KinderJudas-1010x1536.jpg 1010w, https:\/\/www.mahet.de\/mahet\/wp-content\/uploads\/2021\/01\/KinderJudas-1347x2048.jpg 1347w, https:\/\/www.mahet.de\/mahet\/wp-content\/uploads\/2021\/01\/KinderJudas.jpg 1600w\" sizes=\"auto, (max-width: 300px) 100vw, 300px\" \/><\/div><\/div><div id=\"pgc-69-3-1\"  class=\"panel-grid-cell\" ><div id=\"panel-69-3-1-0\" class=\"so-panel widget widget_text panel-first-child panel-last-child\" data-index=\"7\" >\t\t\t<div class=\"textwidget\"><h2>JUDAS-Reihe<\/h2>\n<h2>KINDER DES JUDAS<\/h2>\n<p><strong>Teasertext:<\/strong><\/p>\n<p>\u201eTheresia Sarkowitz, genannt Sia, ist ein \u00bbKind des Judas\u00ab, uralt und doch ewig jung. Sie ist die gute Seele eines Krankenhauses. Hier steht sie denen bei, die in ihren letzten Stunden nicht allein sein sollen. Jeder, der die junge Frau am Bett eines Sterbenden wachen sieht, wird sie f\u00fcr einen Engel halten. Denn niemand wei\u00df, wer sie wirklich ist. Oder was.\u201c<\/p>\n<p>&nbsp;<\/p>\n<\/div>\n\t\t<\/div><\/div><\/div><div id=\"pg-69-4\"  class=\"panel-grid panel-no-style\" ><div id=\"pgc-69-4-0\"  class=\"panel-grid-cell\" ><div id=\"panel-69-4-0-0\" class=\"so-panel widget widget_media_image panel-first-child panel-last-child\" data-index=\"8\" ><img loading=\"lazy\" decoding=\"async\" width=\"282\" height=\"429\" src=\"https:\/\/www.mahet.de\/mahet\/wp-content\/uploads\/2021\/01\/Judassohn.jpg\" class=\"image wp-image-752  attachment-300x456 size-300x456\" alt=\"\" style=\"max-width: 100%; height: auto;\" srcset=\"https:\/\/www.mahet.de\/mahet\/wp-content\/uploads\/2021\/01\/Judassohn.jpg 282w, https:\/\/www.mahet.de\/mahet\/wp-content\/uploads\/2021\/01\/Judassohn-197x300.jpg 197w\" sizes=\"auto, (max-width: 282px) 100vw, 282px\" \/><\/div><\/div><div id=\"pgc-69-4-1\"  class=\"panel-grid-cell\" ><div id=\"panel-69-4-1-0\" class=\"so-panel widget widget_text panel-first-child panel-last-child\" data-index=\"9\" >\t\t\t<div class=\"textwidget\"><h2>Judassohn<\/h2>\n<p><strong>Teasertext:<\/strong><\/p>\n<p>\u201eTheresia Sarkowitz, genannt Sia, ist ein \u00bbKind des Judas\u00ab, uralt und doch ewig jung. Sorgf\u00e4ltig getarnt wacht sie \u00fcber ihre Nachkommen, eine unschuldige junge Frau und ihre Tochter, damit diese nicht dasselbe Schicksal erleiden wie sie \u2013 einst als Untote wiederauferstehen zu m\u00fcssen. Doch dann taucht eine Gestalt auf, die seit Jahrhunderten nach Sia sucht. Eine Gestalt, deren Kr\u00e4fte ausreichen, sie zu t\u00f6ten. Und die voll Rachedurst ist &#8230;<\/p>\n<\/div>\n\t\t<\/div><\/div><\/div><div id=\"pg-69-5\"  class=\"panel-grid panel-no-style\" ><div id=\"pgc-69-5-0\"  class=\"panel-grid-cell\" ><div id=\"panel-69-5-0-0\" class=\"so-panel widget widget_media_image panel-first-child panel-last-child\" data-index=\"10\" ><img loading=\"lazy\" decoding=\"async\" width=\"300\" height=\"456\" src=\"https:\/\/www.mahet.de\/mahet\/wp-content\/uploads\/2021\/01\/Judastoechter-673x1024.jpg\" class=\"image wp-image-753  attachment-300x456 size-300x456\" alt=\"\" style=\"max-width: 100%; height: auto;\" srcset=\"https:\/\/www.mahet.de\/mahet\/wp-content\/uploads\/2021\/01\/Judastoechter-673x1024.jpg 673w, https:\/\/www.mahet.de\/mahet\/wp-content\/uploads\/2021\/01\/Judastoechter-197x300.jpg 197w, https:\/\/www.mahet.de\/mahet\/wp-content\/uploads\/2021\/01\/Judastoechter-768x1168.jpg 768w, https:\/\/www.mahet.de\/mahet\/wp-content\/uploads\/2021\/01\/Judastoechter-1010x1536.jpg 1010w, https:\/\/www.mahet.de\/mahet\/wp-content\/uploads\/2021\/01\/Judastoechter-1347x2048.jpg 1347w, https:\/\/www.mahet.de\/mahet\/wp-content\/uploads\/2021\/01\/Judastoechter.jpg 1600w\" sizes=\"auto, (max-width: 300px) 100vw, 300px\" \/><\/div><\/div><div id=\"pgc-69-5-1\"  class=\"panel-grid-cell\" ><div id=\"panel-69-5-1-0\" class=\"so-panel widget widget_text panel-first-child panel-last-child\" data-index=\"11\" >\t\t\t<div class=\"textwidget\"><h2>Judast\u00f6chter<\/h2>\n<p><strong>Teasertext:<\/strong><\/p>\n<p>\u201eIhr unsterbliches Leben hat die Vampirin Sia einem einzigen Zweck gewidmet: ihre letzten beiden Nachfahren zu besch\u00fctzen. Sie kann trotzdem nicht verhindern, dass Emma und die junge Elena entf\u00fchrt werden. Es dauert nicht lange, und die Entf\u00fchrer stellen Sia ein Ultimatum. Will sie Emma und Elena lebend wiedersehen, muss sie eine Gruppe von Gestaltwandlern t\u00f6ten. Sia geht zum Schein auf den Deal ein. Doch ihre Gegner machen einen Fehler: Sie glauben, dass sie Sia mit ihrer Drohung gef\u00fcgig machen k\u00f6nnen \u2013 und ahnen nicht, was es wirklich bedeutet, den Zorn der letzten Judastochter heraufzubeschw\u00f6ren.\u201c<\/p>\n<p>(Kategorie: Vampir)<\/p>\n<p>&nbsp;<\/p>\n<\/div>\n\t\t<\/div><\/div><\/div><div id=\"pg-69-6\"  class=\"panel-grid panel-no-style\" ><div id=\"pgc-69-6-0\"  class=\"panel-grid-cell\" ><div id=\"panel-69-6-0-0\" class=\"so-panel widget widget_media_image panel-first-child panel-last-child\" data-index=\"12\" ><img loading=\"lazy\" decoding=\"async\" width=\"300\" height=\"467\" src=\"https:\/\/www.mahet.de\/mahet\/wp-content\/uploads\/2021\/01\/Oneiros-658x1024.jpg\" class=\"image wp-image-477  attachment-300x467 size-300x467\" alt=\"\" style=\"max-width: 100%; height: auto;\" srcset=\"https:\/\/www.mahet.de\/mahet\/wp-content\/uploads\/2021\/01\/Oneiros-658x1024.jpg 658w, https:\/\/www.mahet.de\/mahet\/wp-content\/uploads\/2021\/01\/Oneiros-193x300.jpg 193w, https:\/\/www.mahet.de\/mahet\/wp-content\/uploads\/2021\/01\/Oneiros-768x1195.jpg 768w, https:\/\/www.mahet.de\/mahet\/wp-content\/uploads\/2021\/01\/Oneiros-987x1536.jpg 987w, https:\/\/www.mahet.de\/mahet\/wp-content\/uploads\/2021\/01\/Oneiros-1317x2048.jpg 1317w, https:\/\/www.mahet.de\/mahet\/wp-content\/uploads\/2021\/01\/Oneiros.jpg 1600w\" sizes=\"auto, (max-width: 300px) 100vw, 300px\" \/><\/div><\/div><div id=\"pgc-69-6-1\"  class=\"panel-grid-cell\" ><div id=\"panel-69-6-1-0\" class=\"so-panel widget widget_text panel-first-child panel-last-child\" data-index=\"13\" >\t\t\t<div class=\"textwidget\"><h2>Oneiros \u2013 T\u00f6dlicher Fluch<\/h2>\n<p>(Kategorie: Todesschl\u00e4fer)<\/p>\n<p><strong>Teasertext:<\/strong><\/p>\n<p>\u201eIn Leipzig h\u00fctet ein Bestatter ein grausames Geheimnis, in Minsk f\u00fchrt eine skrupellose Wissenschaftlerin t\u00f6dliche Experimente durch, in Paris rast ein Airbus ungebremst in ein Flughafenterminal \u2026 Die Ermittlungen zu dem Ungl\u00fcck beginnen sofort \u2013 aber die Ergebnisse sind r\u00e4tselhaft: S\u00e4mtliche Insassen waren schon tot, bevor das Flugzeug auf das Geb\u00e4ude traf. Was die Polizei jedoch nicht herausfindet, ist, dass es einen \u00dcberlebenden gibt. Konstantin Korff, der Bestatter aus Leipzig, kommt diesem \u00dcberlebenden hingegen schnell auf die Spur, ebenso wie die Wissenschaftlerin \u2013 denn diese drei Menschen tragen denselben t\u00f6dlichen Fluch in sich. Einen Fluch, der sie zu einer Gefahr f\u00fcr jeden in ihrer Umgebung macht.\u201c<\/p>\n<\/div>\n\t\t<\/div><\/div><\/div><div id=\"pg-69-7\"  class=\"panel-grid panel-no-style\" ><div id=\"pgc-69-7-0\"  class=\"panel-grid-cell\" ><div id=\"panel-69-7-0-0\" class=\"so-panel widget widget_media_image panel-first-child\" data-index=\"14\" ><img loading=\"lazy\" decoding=\"async\" width=\"300\" height=\"467\" src=\"https:\/\/www.mahet.de\/mahet\/wp-content\/uploads\/2021\/01\/image-22-658x1024.jpeg\" class=\"image wp-image-472  attachment-300x467 size-300x467\" alt=\"\" style=\"max-width: 100%; height: auto;\" srcset=\"https:\/\/www.mahet.de\/mahet\/wp-content\/uploads\/2021\/01\/image-22-658x1024.jpeg 658w, https:\/\/www.mahet.de\/mahet\/wp-content\/uploads\/2021\/01\/image-22-193x300.jpeg 193w, https:\/\/www.mahet.de\/mahet\/wp-content\/uploads\/2021\/01\/image-22-768x1194.jpeg 768w, https:\/\/www.mahet.de\/mahet\/wp-content\/uploads\/2021\/01\/image-22.jpeg 798w\" sizes=\"auto, (max-width: 300px) 100vw, 300px\" \/><\/div><div id=\"panel-69-7-0-1\" class=\"so-panel widget widget_media_image panel-last-child\" data-index=\"15\" ><img loading=\"lazy\" decoding=\"async\" width=\"300\" height=\"467\" src=\"https:\/\/www.mahet.de\/mahet\/wp-content\/uploads\/2021\/01\/image-21.jpeg\" class=\"image wp-image-471  attachment-300x467 size-300x467\" alt=\"\" style=\"max-width: 100%; height: auto;\" srcset=\"https:\/\/www.mahet.de\/mahet\/wp-content\/uploads\/2021\/01\/image-21.jpeg 300w, https:\/\/www.mahet.de\/mahet\/wp-content\/uploads\/2021\/01\/image-21-193x300.jpeg 193w\" sizes=\"auto, (max-width: 300px) 100vw, 300px\" \/><\/div><\/div><div id=\"pgc-69-7-1\"  class=\"panel-grid-cell\" ><div id=\"panel-69-7-1-0\" class=\"so-panel widget widget_text panel-first-child panel-last-child\" data-index=\"16\" >\t\t\t<div class=\"textwidget\"><h2>EXKARNATION &#8211; Krieg der Alten Seelen<\/h2>\n<h2>EXKARNATION &#8211; Seelensterben<\/h2>\n<p>(Kategorie: Seelenwanderer)<\/p>\n<p><strong>Teasertext:<\/strong><\/p>\n<p>\u201eDie Welt seiner Heldin Claire ist in Ordnung \u2013 bis auf ihren Mann bei einem \u00dcberfall geschossen wird. Als sie eingreifen will, rast ein Wagen auf sie zu und \u00fcberrollt sie.<\/p>\n<p>Claire stirbt, aber ihre Seele verl\u00e4sst die Erde nicht. Beherrscht von dem Wunsch, den M\u00f6rder zur Rechenschaft zu ziehen, f\u00e4hrt ihre Seele in den Leib der Selbstm\u00f6rderin Lene von Bechstein.<\/p>\n<p>Doch Lenes K\u00f6rper war eigentlich f\u00fcr jemand anderen vorgesehen, und so ger\u00e4t Claire unfreiwillig mitten hinein in einen Krieg: den Krieg der Alten Seelen.\u201c<\/p>\n<\/div>\n\t\t<\/div><\/div><\/div><div id=\"pg-69-8\"  class=\"panel-grid panel-no-style\" ><div id=\"pgc-69-8-0\"  class=\"panel-grid-cell\" ><div id=\"panel-69-8-0-0\" class=\"so-panel widget widget_media_image panel-first-child panel-last-child\" data-index=\"17\" ><img loading=\"lazy\" decoding=\"async\" width=\"300\" height=\"467\" src=\"https:\/\/www.mahet.de\/mahet\/wp-content\/uploads\/2021\/01\/Vampire-657x1024.jpg\" class=\"image wp-image-765  attachment-300x467 size-300x467\" alt=\"\" style=\"max-width: 100%; height: auto;\" srcset=\"https:\/\/www.mahet.de\/mahet\/wp-content\/uploads\/2021\/01\/Vampire-657x1024.jpg 657w, https:\/\/www.mahet.de\/mahet\/wp-content\/uploads\/2021\/01\/Vampire-193x300.jpg 193w, https:\/\/www.mahet.de\/mahet\/wp-content\/uploads\/2021\/01\/Vampire-768x1196.jpg 768w, https:\/\/www.mahet.de\/mahet\/wp-content\/uploads\/2021\/01\/Vampire-986x1536.jpg 986w, https:\/\/www.mahet.de\/mahet\/wp-content\/uploads\/2021\/01\/Vampire.jpg 1027w\" sizes=\"auto, (max-width: 300px) 100vw, 300px\" \/><\/div><\/div><div id=\"pgc-69-8-1\"  class=\"panel-grid-cell\" ><div id=\"panel-69-8-1-0\" class=\"so-panel widget widget_text panel-first-child panel-last-child\" data-index=\"18\" >\t\t\t<div class=\"textwidget\"><h2>Vampire! Vampire!<\/h2>\n<p><strong>Teasertext:<\/strong><\/p>\n<p>\u201eIm Jahr 1731 kommt es in der N\u00e4he von Belgrad zu mysteri\u00f6sen Todesf\u00e4llen. Die Beh\u00f6rden sprechen von Vampirismus.<\/p>\n<p>Doch ist dieser historisch verb\u00fcrgte Fall wirklich der erste?<\/p>\n<p>Woher stammt der Vampirmythos? Gibt es Beweise f\u00fcr ihre Existenz, oder ist alles erlogen? Wie sehen Vampire aus, und mit welchen Mitteln kann man sich gegen sie zur Wehr setzen?<\/p>\n<p>Mit Spannung, Witz und gl\u00e4nzend recherchierten Anekdoten f\u00fchrt Starautor Markus Heitz durch die Geschichte der Blutsauger und bietet das unverzichtbare R\u00fcstzeug f\u00fcr alle Fans der spitzen Eckz\u00e4hne.\u201c<\/p>\n<p>&nbsp;<\/p>\n<p>Genau: Es geht um das Historische und das Volkst\u00fcmliche zu Vampiren.<\/p>\n<p>Was sich \u00fcber sie in Europa vom Mittelalter bis in die Fr\u00fche Neuzeit an HISTORISCHEN BELEGEN findet und was der Volksglaube alles \u00fcber Vampire sagt, welche Diskussion im 18. Jahrhundert gef\u00fchrt wurde, was man gegen Vampire tun kann und was man nicht tun sollte, warum manche vom Schicksal ausgesucht wurden, dass Vampire einen Z\u00e4hltick haben (ich sage nur: Graf Zahl!) und vieles mehr.<\/p>\n<p>&nbsp;<\/p>\n<p>Beispielsweise:<\/p>\n<p>Wer viel Pech hat, kann bereits vor der Geburt zum Vampirdasein nach seinem Tod verurteilt sein.<\/p>\n<p>So ist dieses Schicksal unehelich geborenen Kindern unehelich Geborener bestimmt. Sieht in Galizien eine schwangere Frau einen Priester an [Anm. d. A.: vermutlich im Sinne von begehren], muss das Kind zum Vampir werden.<\/p>\n<p>In der Ukraine und Kleinrussland glaubte man, dass Vampire aus der sexuellen Vereinigung zwischen einer Hexe mit einem Werwolf oder dem Teufel entstehen! Das Donnern und Brausen eines tobenden Fr\u00fchlingssturmes verk\u00fcndete die Hochzeit zwischen einem Teufel oder Werwolf und einer Hexe, der Blitz verk\u00f6rperte die Geburt des Vampirs.<\/p>\n<p>Unschuldige kann es ebenfalls treffen, wie beispielsweise Verhexte, Ermordete, Un- oder falsch Bestattete, Unger\u00e4chte sowie von einem Vampir geplagte beziehungsweise get\u00f6tete Menschen.<\/p>\n<p>Aber auch Meineidige, Selbstm\u00f6rder, R\u00e4uber, M\u00f6rder und andere Straft\u00e4ter, Menschen, die vor Gericht falsch aussagen, betr\u00fcgerische Barm\u00e4dchen (!) und Prostituierte sowie besonders b\u00f6sartige Menschen werden zum Vampir. Genauso Hexer und Zauberer, Werw\u00f6lfe, wer im Groll stirbt, Kirchenabtr\u00fcnnige, zum Islam bekehrte Christen, Priester mit Tods\u00fcnden und alle diejenigen, welche gegen die Gebote der Kirche versto\u00dfen haben.<\/p>\n<p>So, sp\u00e4testens JETZT d\u00fcrfte so ziemlich jede Person auf der Liste stehen. Und es geht im Buch weiter und weiter.<\/p>\n<\/div>\n\t\t<\/div><\/div><\/div><div id=\"pg-69-9\"  class=\"panel-grid panel-no-style\" ><div id=\"pgc-69-9-0\"  class=\"panel-grid-cell\" ><div id=\"panel-69-9-0-0\" class=\"so-panel widget widget_media_image panel-first-child panel-last-child\" data-index=\"19\" ><img loading=\"lazy\" decoding=\"async\" width=\"300\" height=\"456\" src=\"https:\/\/www.mahet.de\/mahet\/wp-content\/uploads\/2021\/01\/Totenblick-674x1024.jpg\" class=\"image wp-image-474  attachment-300x456 size-300x456\" alt=\"\" style=\"max-width: 100%; height: auto;\" srcset=\"https:\/\/www.mahet.de\/mahet\/wp-content\/uploads\/2021\/01\/Totenblick-674x1024.jpg 674w, https:\/\/www.mahet.de\/mahet\/wp-content\/uploads\/2021\/01\/Totenblick-197x300.jpg 197w, https:\/\/www.mahet.de\/mahet\/wp-content\/uploads\/2021\/01\/Totenblick-768x1167.jpg 768w, https:\/\/www.mahet.de\/mahet\/wp-content\/uploads\/2021\/01\/Totenblick-1011x1536.jpg 1011w, https:\/\/www.mahet.de\/mahet\/wp-content\/uploads\/2021\/01\/Totenblick-1347x2048.jpg 1347w, https:\/\/www.mahet.de\/mahet\/wp-content\/uploads\/2021\/01\/Totenblick.jpg 1400w\" sizes=\"auto, (max-width: 300px) 100vw, 300px\" \/><\/div><\/div><div id=\"pgc-69-9-1\"  class=\"panel-grid-cell\" ><div id=\"panel-69-9-1-0\" class=\"so-panel widget widget_text panel-first-child panel-last-child\" data-index=\"20\" >\t\t\t<div class=\"textwidget\"><h2>Totenblick<\/h2>\n<p><b>Teasertext:<\/b><\/p>\n<p><b><br \/>\n<\/b>\u201eDie Wahrheit liegt im Auge des Betrachters\u201c, lautet die r\u00e4tselhafte Botschaft, die ein Serienm\u00f6rder an sorgf\u00e4ltig inszenierten Tatorten hinterl\u00e4sst. Fieberhaft suchen die Ermittler vor Ort nach versteckten Hinweisen. Bis sie eine grauenvolle Entdeckung machen: Der T\u00e4ter hat auf der Netzhaut seiner Opfer genau das Bild fixiert, das sie im Augenblick ihres Todes sahen.<\/p>\n<\/div>\n\t\t<\/div><\/div><\/div><\/div>","protected":false},"excerpt":{"rendered":"<p>HORROR Es gibt einen losen inhaltlichen Zusammenhang zwischen den Romanen. Zu einem sp\u00e4teren Zeitpunkt laufen die F\u00e4den in der Reihe DIE MEISTERIN zusammen. Die Werke sind einzeln lesbar, aber wer sie nacheinander liest, hat noch mehr Spa\u00df dabei. Die meisten Romane verfolgen einen historischen und einen Gegenwartsteil, die sich verweben<\/p>\n<div class=\"shariff shariff-align-left shariff-widget-align-left\"><ul class=\"shariff-buttons theme-round orientation-horizontal buttonsize-medium\"><li class=\"shariff-button facebook shariff-nocustomcolor\" style=\"background-color:#4273c8\"><a href=\"https:\/\/www.facebook.com\/sharer\/sharer.php?u=https%3A%2F%2Fwww.mahet.de%2F%3Fpage_id%3D69\" title=\"Bei Facebook teilen\" aria-label=\"Bei Facebook teilen\" role=\"button\" rel=\"nofollow\" class=\"shariff-link\" style=\"; background-color:#3b5998; color:#fff\" target=\"_blank\"><span class=\"shariff-icon\" style=\"\"><svg width=\"32px\" height=\"20px\" xmlns=\"http:\/\/www.w3.org\/2000\/svg\" viewBox=\"0 0 18 32\"><path fill=\"#3b5998\" d=\"M17.1 0.2v4.7h-2.8q-1.5 0-2.1 0.6t-0.5 1.9v3.4h5.2l-0.7 5.3h-4.5v13.6h-5.5v-13.6h-4.5v-5.3h4.5v-3.9q0-3.3 1.9-5.2t5-1.8q2.6 0 4.1 0.2z\"\/><\/svg><\/span><\/a><\/li><li class=\"shariff-button twitter shariff-nocustomcolor\" style=\"background-color:#595959\"><a href=\"https:\/\/twitter.com\/share?url=https%3A%2F%2Fwww.mahet.de%2F%3Fpage_id%3D69&text=Horror\" title=\"Bei X teilen\" aria-label=\"Bei X teilen\" role=\"button\" rel=\"noopener nofollow\" class=\"shariff-link\" style=\"; background-color:#000; color:#fff\" target=\"_blank\"><span class=\"shariff-icon\" style=\"\"><svg width=\"32px\" height=\"20px\" xmlns=\"http:\/\/www.w3.org\/2000\/svg\" viewBox=\"0 0 24 24\"><path fill=\"#000\" d=\"M14.258 10.152L23.176 0h-2.113l-7.747 8.813L7.133 0H0l9.352 13.328L0 23.973h2.113l8.176-9.309 6.531 9.309h7.133zm-2.895 3.293l-.949-1.328L2.875 1.56h3.246l6.086 8.523.945 1.328 7.91 11.078h-3.246zm0 0\"\/><\/svg><\/span><\/a><\/li><\/ul><\/div>","protected":false},"author":1,"featured_media":0,"parent":0,"menu_order":0,"comment_status":"closed","ping_status":"closed","template":"","meta":{"footnotes":""},"class_list":["post-69","page","type-page","status-publish","hentry"],"_links":{"self":[{"href":"https:\/\/www.mahet.de\/index.php?rest_route=\/wp\/v2\/pages\/69","targetHints":{"allow":["GET"]}}],"collection":[{"href":"https:\/\/www.mahet.de\/index.php?rest_route=\/wp\/v2\/pages"}],"about":[{"href":"https:\/\/www.mahet.de\/index.php?rest_route=\/wp\/v2\/types\/page"}],"author":[{"embeddable":true,"href":"https:\/\/www.mahet.de\/index.php?rest_route=\/wp\/v2\/users\/1"}],"replies":[{"embeddable":true,"href":"https:\/\/www.mahet.de\/index.php?rest_route=%2Fwp%2Fv2%2Fcomments&post=69"}],"version-history":[{"count":3,"href":"https:\/\/www.mahet.de\/index.php?rest_route=\/wp\/v2\/pages\/69\/revisions"}],"predecessor-version":[{"id":775,"href":"https:\/\/www.mahet.de\/index.php?rest_route=\/wp\/v2\/pages\/69\/revisions\/775"}],"wp:attachment":[{"href":"https:\/\/www.mahet.de\/index.php?rest_route=%2Fwp%2Fv2%2Fmedia&parent=69"}],"curies":[{"name":"wp","href":"https:\/\/api.w.org\/{rel}","templated":true}]}}