{"id":955,"date":"2021-02-19T13:31:51","date_gmt":"2021-02-19T12:31:51","guid":{"rendered":"http:\/\/www.mahet.de\/mahet\/EN\/?page_id=955"},"modified":"2021-02-26T13:04:00","modified_gmt":"2021-02-26T12:04:00","slug":"die-albae-2","status":"publish","type":"page","link":"https:\/\/www.mahet.de\/mahet\/EN\/?page_id=955","title":{"rendered":"Legends of the \u00c4lfar"},"content":{"rendered":"<div id=\"pl-955\"  class=\"panel-layout\" ><div id=\"pg-955-0\"  class=\"panel-grid panel-no-style\" ><div id=\"pgc-955-0-0\"  class=\"panel-grid-cell\" ><div id=\"panel-955-0-0-0\" class=\"so-panel widget widget_sow-editor panel-first-child panel-last-child\" data-index=\"0\" ><div\n\t\t\t\n\t\t\tclass=\"so-widget-sow-editor so-widget-sow-editor-base\"\n\t\t\t\n\t\t>\n<div class=\"siteorigin-widget-tinymce textwidget\">\n\t<p>&nbsp;<\/p>\n<h2 id=\"title\" class=\"a-spacing-none a-text-normal\"><span id=\"productTitle\" class=\"a-size-extra-large\">Legends of the \u00c4lfar<\/span> - Series<\/h2>\n<p>A small but fine series about the somewhat different villains. It is about their culture, their way of thinking, their change over time.<\/p>\n<p>And of course, events from the DWARVES series are illuminated from the perspective of the \u00c4lfar.<\/p>\n<p>Volume 1 <strong>Righteous\u00a0Fury<\/strong>\u00a0and Volume 2 <strong>Devastating\u00a0Hate<\/strong>\u00a0have Sinthoras and Caphalor as heroes. The novels take place before the Dwarves series.<\/p>\n<p>Volume 3 <strong>Dark\u00a0Paths\u00a0<\/strong>is chronologically located between dwarfs 3 and 4.<\/p>\n<p>Volume 4 <strong>Raging\u00a0Storm\u00a0<\/strong>takes place after Dwarfs 4.<\/p>\n<p>Volume 5 <strong>The\u00a0Forgotten\u00a0Scriptures*<\/strong>\u00a0is a short story collection that highlights secondary characters and plots, the times vary in the process.<\/p>\n<p>*Not\u00a0yet\u00a0released\u00a0in\u00a0English,\u00a0name\u00a0may\u00a0be\u00a0different.<\/p>\n<\/div>\n<\/div><\/div><\/div><\/div><div id=\"pg-955-1\"  class=\"panel-grid panel-no-style\" ><div id=\"pgc-955-1-0\"  class=\"panel-grid-cell\" ><div id=\"panel-955-1-0-0\" class=\"so-panel widget widget_media_image panel-first-child panel-last-child\" data-index=\"1\" ><img width=\"300\" height=\"449\" src=\"https:\/\/www.mahet.de\/mahet\/EN\/mahet\/wp-content\/uploads\/2021\/02\/Fury-321x480.jpg\" class=\"image wp-image-1113  attachment-300x449 size-300x449\" alt=\"\" decoding=\"async\" style=\"max-width: 100%; height: auto;\" srcset=\"https:\/\/www.mahet.de\/mahet\/EN\/mahet\/wp-content\/uploads\/2021\/02\/Fury-321x480.jpg 321w, https:\/\/www.mahet.de\/mahet\/EN\/mahet\/wp-content\/uploads\/2021\/02\/Fury-200x300.jpg 200w, https:\/\/www.mahet.de\/mahet\/EN\/mahet\/wp-content\/uploads\/2021\/02\/Fury-100x150.jpg 100w, https:\/\/www.mahet.de\/mahet\/EN\/mahet\/wp-content\/uploads\/2021\/02\/Fury-428x640.jpg 428w, https:\/\/www.mahet.de\/mahet\/EN\/mahet\/wp-content\/uploads\/2021\/02\/Fury-167x250.jpg 167w, https:\/\/www.mahet.de\/mahet\/EN\/mahet\/wp-content\/uploads\/2021\/02\/Fury.jpg 433w\" sizes=\"(max-width: 300px) 100vw, 300px\" \/><\/div><\/div><div id=\"pgc-955-1-1\"  class=\"panel-grid-cell\" ><div id=\"panel-955-1-1-0\" class=\"so-panel widget widget_sow-editor panel-first-child panel-last-child\" data-index=\"2\" ><div\n\t\t\t\n\t\t\tclass=\"so-widget-sow-editor so-widget-sow-editor-base\"\n\t\t\t\n\t\t>\n<div class=\"siteorigin-widget-tinymce textwidget\">\n\t<h2>RIGHTEOUS FURY (Volume 1)<\/h2>\n<p><strong>Teaser:<\/strong><\/p>\n<p>In <i>Righteous Fury<\/i>, the elves, dwarves and humans all know the alfar to be dark, relentless warriors. In Dson Faimon, the realm of the alfar, the warriors are planning a military campaign. Caphalor and Sinthoras are looking to enlist a powerful demon to strengthen their army - but the two alfar have very different goals. While Caphalor is determined to defend the borders of their empire and no more, the ambitious Sinthoras is intent on invasion: and he has the kingdoms of dwarves, elves, and me firmly in his sights.<\/p>\n<\/div>\n<\/div><\/div><\/div><\/div><div id=\"pg-955-2\"  class=\"panel-grid panel-no-style\" ><div id=\"pgc-955-2-0\"  class=\"panel-grid-cell\" ><div id=\"panel-955-2-0-0\" class=\"so-panel widget widget_media_image panel-first-child panel-last-child\" data-index=\"3\" ><img width=\"300\" height=\"460\" src=\"https:\/\/www.mahet.de\/mahet\/EN\/mahet\/wp-content\/uploads\/2021\/02\/hate-313x480.jpeg\" class=\"image wp-image-1118  attachment-300x460 size-300x460\" alt=\"\" decoding=\"async\" style=\"max-width: 100%; height: auto;\" srcset=\"https:\/\/www.mahet.de\/mahet\/EN\/mahet\/wp-content\/uploads\/2021\/02\/hate-313x480.jpeg 313w, https:\/\/www.mahet.de\/mahet\/EN\/mahet\/wp-content\/uploads\/2021\/02\/hate-196x300.jpeg 196w, https:\/\/www.mahet.de\/mahet\/EN\/mahet\/wp-content\/uploads\/2021\/02\/hate-98x150.jpeg 98w, https:\/\/www.mahet.de\/mahet\/EN\/mahet\/wp-content\/uploads\/2021\/02\/hate-163x250.jpeg 163w, https:\/\/www.mahet.de\/mahet\/EN\/mahet\/wp-content\/uploads\/2021\/02\/hate.jpeg 391w\" sizes=\"(max-width: 300px) 100vw, 300px\" \/><\/div><\/div><div id=\"pgc-955-2-1\"  class=\"panel-grid-cell\" ><div id=\"panel-955-2-1-0\" class=\"so-panel widget widget_sow-editor panel-first-child panel-last-child\" data-index=\"4\" ><div\n\t\t\t\n\t\t\tclass=\"so-widget-sow-editor so-widget-sow-editor-base\"\n\t\t\t\n\t\t>\n<div class=\"siteorigin-widget-tinymce textwidget\">\n\t<h2 id=\"title\" class=\"a-spacing-none a-text-normal\"><span id=\"productTitle\" class=\"a-size-extra-large\">Devastating Hate<\/span> (Volume 2)<\/h2>\n<p><strong>Teaser:<\/strong><\/p>\n<div>\n<p>They are the enemies of the dwarves and control the darkest magics, but even then power of the \u00c4lfar has its limits. To save their own people, they must enter into an unwinnable war.<\/p>\n<div>Sinthoras and Caphalor, two very different \u00c4lfar, watch as their plans come to fruition: the hidden land-the home of the dwarves-has fallen to their army of trolls, barbarians and \u00c4lfar, and now the lands of the hated elves are within their grasp.<\/div>\n<div><\/div>\n<div>But the alliance is beginning to crumble as greed triumphs over obedience. And Sinthoras and Caphalor face another threat: an enemy from the empire of the \u00c4lfar, thought to be defeated, has resurfaced, and while their best warriors fight in the hidden land, the \u00c4lfar homeland lies almost defenseless.<\/div>\n<\/div>\n<\/div>\n<\/div><\/div><\/div><\/div><div id=\"pg-955-3\"  class=\"panel-grid panel-no-style\" ><div id=\"pgc-955-3-0\"  class=\"panel-grid-cell\" ><div id=\"panel-955-3-0-0\" class=\"so-panel widget widget_media_image panel-first-child panel-last-child\" data-index=\"5\" ><img width=\"300\" height=\"460\" src=\"https:\/\/www.mahet.de\/mahet\/EN\/mahet\/wp-content\/uploads\/2021\/02\/paths-313x480.jpeg\" class=\"image wp-image-1116  attachment-300x460 size-300x460\" alt=\"\" decoding=\"async\" style=\"max-width: 100%; height: auto;\" srcset=\"https:\/\/www.mahet.de\/mahet\/EN\/mahet\/wp-content\/uploads\/2021\/02\/paths-313x480.jpeg 313w, https:\/\/www.mahet.de\/mahet\/EN\/mahet\/wp-content\/uploads\/2021\/02\/paths-196x300.jpeg 196w, https:\/\/www.mahet.de\/mahet\/EN\/mahet\/wp-content\/uploads\/2021\/02\/paths-98x150.jpeg 98w, https:\/\/www.mahet.de\/mahet\/EN\/mahet\/wp-content\/uploads\/2021\/02\/paths-163x250.jpeg 163w, https:\/\/www.mahet.de\/mahet\/EN\/mahet\/wp-content\/uploads\/2021\/02\/paths.jpeg 391w\" sizes=\"(max-width: 300px) 100vw, 300px\" \/><\/div><\/div><div id=\"pgc-955-3-1\"  class=\"panel-grid-cell\" ><div id=\"panel-955-3-1-0\" class=\"so-panel widget widget_sow-editor panel-first-child panel-last-child\" data-index=\"6\" ><div\n\t\t\t\n\t\t\tclass=\"so-widget-sow-editor so-widget-sow-editor-base\"\n\t\t\t\n\t\t>\n<div class=\"siteorigin-widget-tinymce textwidget\">\n\t<h2 id=\"title\" class=\"a-spacing-none a-text-normal\"><span id=\"productTitle\" class=\"a-size-extra-large\">Dark Paths<\/span> (Volume 3)<\/h2>\n<p><strong>Teaser:<\/strong><\/p>\n<div>\n<p>There are four races: the Elves, the Dwarves and the Humans and the \u00c4lfar.<\/p>\n<p>The other three all know the \u00c4lfar to be dark, relentless warriors, set on conquest; they have been deadly enemies since time immemorial. But are things about to change?<\/p>\n<p>The young \u00e4lfar triplets Sisaroth, Tirigon and Fir\u00fcsha have been banished to the deadly underground realm of Phondras\u00f4n, two of them exiled for a murder they did not commit, the third determined to stay with them, to help them survive this terrifying place full of monsters. Then Sisaroth meets a dwarf, Tungdil, who has been locked up in the Dark Abyss (Tungdil will be well-known to readers of the Dwarves series!) - and their unexpected relationship will change the fate of the \u00e4lfar and the dwarves - for ever.<\/p>\n<p>Dort trifft Sisaroth auf einen Zwerg: Tungdil, der in der Schwarzen Schlucht eingeschlossen wurde! Diese Begegnung ver\u00e4ndert das Schicksal der Albae und der Zwerge f\u00fcr immer.\u201c<\/p>\n<\/div>\n<\/div>\n<\/div><\/div><\/div><\/div><div id=\"pg-955-4\"  class=\"panel-grid panel-no-style\" ><div id=\"pgc-955-4-0\"  class=\"panel-grid-cell\" ><div id=\"panel-955-4-0-0\" class=\"so-panel widget widget_media_image panel-first-child panel-last-child\" data-index=\"7\" ><img width=\"300\" height=\"460\" src=\"https:\/\/www.mahet.de\/mahet\/EN\/mahet\/wp-content\/uploads\/2021\/02\/Storm-313x480.jpeg\" class=\"image wp-image-1114  attachment-300x460 size-300x460\" alt=\"\" decoding=\"async\" style=\"max-width: 100%; height: auto;\" srcset=\"https:\/\/www.mahet.de\/mahet\/EN\/mahet\/wp-content\/uploads\/2021\/02\/Storm-313x480.jpeg 313w, https:\/\/www.mahet.de\/mahet\/EN\/mahet\/wp-content\/uploads\/2021\/02\/Storm-196x300.jpeg 196w, https:\/\/www.mahet.de\/mahet\/EN\/mahet\/wp-content\/uploads\/2021\/02\/Storm-98x150.jpeg 98w, https:\/\/www.mahet.de\/mahet\/EN\/mahet\/wp-content\/uploads\/2021\/02\/Storm-163x250.jpeg 163w, https:\/\/www.mahet.de\/mahet\/EN\/mahet\/wp-content\/uploads\/2021\/02\/Storm.jpeg 391w\" sizes=\"(max-width: 300px) 100vw, 300px\" \/><\/div><\/div><div id=\"pgc-955-4-1\"  class=\"panel-grid-cell\" ><div id=\"panel-955-4-1-0\" class=\"so-panel widget widget_sow-editor panel-first-child panel-last-child\" data-index=\"8\" ><div\n\t\t\t\n\t\t\tclass=\"so-widget-sow-editor so-widget-sow-editor-base\"\n\t\t\t\n\t\t>\n<div class=\"siteorigin-widget-tinymce textwidget\">\n\t<h2 id=\"title\" class=\"a-spacing-none a-text-normal\"><span id=\"productTitle\" class=\"a-size-extra-large\">Raging Storm<\/span> (Volume 4)<\/h2>\n<p><strong>Teaser:<\/strong><\/p>\n<div>\n<p>The Hidden Land lies broken. In the terrible battle to save the home of the dwarves, elves and humans, many sacrifices were made by great heroes, and at the last the \u00e4lfar were defeated. Aiphat\u00f2n, the son of the indelible and erstwhile Emperor of the \u00c4lfar, has sworn that his race will never again pose such a dire threat to the world; he is determined to seek out and destroy the last of his own people.<\/p>\n<p>But there may be a greater enemy to face: an enigmatic mage with powerful magic at her fingertips is threatening the entire country.<\/p>\n<p>Suddenly the Hidden Land's greatest enemy has become its only hope . . .<\/p>\n<\/div>\n<\/div>\n<\/div><\/div><\/div><\/div><div id=\"pg-955-5\"  class=\"panel-grid panel-no-style\" ><div id=\"pgc-955-5-0\"  class=\"panel-grid-cell\" ><div id=\"panel-955-5-0-0\" class=\"so-panel widget widget_media_image panel-first-child panel-last-child\" data-index=\"9\" ><img width=\"300\" height=\"467\" src=\"https:\/\/www.mahet.de\/mahet\/EN\/mahet\/wp-content\/uploads\/2021\/01\/vergesseneSchriften-657x1024.jpg\" class=\"image wp-image-766  attachment-300x467 size-300x467\" alt=\"\" decoding=\"async\" style=\"max-width: 100%; height: auto;\" srcset=\"https:\/\/www.mahet.de\/mahet\/EN\/mahet\/wp-content\/uploads\/2021\/01\/vergesseneSchriften-657x1024.jpg 657w, https:\/\/www.mahet.de\/mahet\/EN\/mahet\/wp-content\/uploads\/2021\/01\/vergesseneSchriften-193x300.jpg 193w, https:\/\/www.mahet.de\/mahet\/EN\/mahet\/wp-content\/uploads\/2021\/01\/vergesseneSchriften-768x1196.jpg 768w, https:\/\/www.mahet.de\/mahet\/EN\/mahet\/wp-content\/uploads\/2021\/01\/vergesseneSchriften-986x1536.jpg 986w, https:\/\/www.mahet.de\/mahet\/EN\/mahet\/wp-content\/uploads\/2021\/01\/vergesseneSchriften.jpg 1027w\" sizes=\"(max-width: 300px) 100vw, 300px\" \/><\/div><\/div><div id=\"pgc-955-5-1\"  class=\"panel-grid-cell\" ><div id=\"panel-955-5-1-0\" class=\"so-panel widget widget_sow-editor panel-first-child panel-last-child\" data-index=\"10\" ><div\n\t\t\t\n\t\t\tclass=\"so-widget-sow-editor so-widget-sow-editor-base\"\n\t\t\t\n\t\t>\n<div class=\"siteorigin-widget-tinymce textwidget\">\n\t<h2>The\u00a0Forgotten\u00a0Scriptures*\u00a0(Volume 5)<\/h2>\n<p><span style=\"font-size: 1.0625rem;\">*Not\u00a0yet\u00a0released\u00a0in\u00a0English,\u00a0name\u00a0may\u00a0be\u00a0different.<\/span><\/p>\n<\/div>\n<\/div><\/div><\/div><\/div><\/div>","protected":false},"excerpt":{"rendered":"<p>&nbsp; Legends of the \u00c4lfar &#8211; Series A small but fine series about the somewhat different villains. It is about their culture, their way of thinking, their change over time. And of course, events from the DWARVES series are illuminated from the perspective of the \u00c4lfar. Volume 1 Righteous\u00a0Fury\u00a0and Volume<\/p>\n<div class=\"shariff shariff-align-left shariff-widget-align-left\"><ul class=\"shariff-buttons theme-round orientation-horizontal buttonsize-medium\"><li class=\"shariff-button facebook shariff-nocustomcolor\" style=\"background-color:#4273c8\"><a href=\"https:\/\/www.facebook.com\/sharer\/sharer.php?u=https%3A%2F%2Fwww.mahet.de%2Fmahet%2FEN%2F%3Fpage_id%3D955\" title=\"Bei Facebook teilen\" aria-label=\"Bei Facebook teilen\" role=\"button\" rel=\"nofollow\" class=\"shariff-link\" style=\"; background-color:#3b5998; color:#fff\" target=\"_blank\"><span class=\"shariff-icon\" style=\"\"><svg width=\"32px\" height=\"20px\" xmlns=\"http:\/\/www.w3.org\/2000\/svg\" viewBox=\"0 0 18 32\"><path fill=\"#3b5998\" d=\"M17.1 0.2v4.7h-2.8q-1.5 0-2.1 0.6t-0.5 1.9v3.4h5.2l-0.7 5.3h-4.5v13.6h-5.5v-13.6h-4.5v-5.3h4.5v-3.9q0-3.3 1.9-5.2t5-1.8q2.6 0 4.1 0.2z\"\/><\/svg><\/span><\/a><\/li><li class=\"shariff-button twitter shariff-nocustomcolor\" style=\"background-color:#595959\"><a href=\"https:\/\/twitter.com\/share?url=https%3A%2F%2Fwww.mahet.de%2Fmahet%2FEN%2F%3Fpage_id%3D955&text=Legends%20of%20the%20%C3%84lfar\" title=\"Bei X teilen\" aria-label=\"Bei X teilen\" role=\"button\" rel=\"noopener nofollow\" class=\"shariff-link\" style=\"; background-color:#000; color:#fff\" target=\"_blank\"><span class=\"shariff-icon\" style=\"\"><svg width=\"32px\" height=\"20px\" xmlns=\"http:\/\/www.w3.org\/2000\/svg\" viewBox=\"0 0 24 24\"><path fill=\"#000\" d=\"M14.258 10.152L23.176 0h-2.113l-7.747 8.813L7.133 0H0l9.352 13.328L0 23.973h2.113l8.176-9.309 6.531 9.309h7.133zm-2.895 3.293l-.949-1.328L2.875 1.56h3.246l6.086 8.523.945 1.328 7.91 11.078h-3.246zm0 0\"\/><\/svg><\/span><\/a><\/li><\/ul><\/div>","protected":false},"author":1,"featured_media":0,"parent":0,"menu_order":0,"comment_status":"closed","ping_status":"closed","template":"template-fullwidth.php","meta":{"footnotes":""},"_links":{"self":[{"href":"https:\/\/www.mahet.de\/mahet\/EN\/index.php?rest_route=\/wp\/v2\/pages\/955"}],"collection":[{"href":"https:\/\/www.mahet.de\/mahet\/EN\/index.php?rest_route=\/wp\/v2\/pages"}],"about":[{"href":"https:\/\/www.mahet.de\/mahet\/EN\/index.php?rest_route=\/wp\/v2\/types\/page"}],"author":[{"embeddable":true,"href":"https:\/\/www.mahet.de\/mahet\/EN\/index.php?rest_route=\/wp\/v2\/users\/1"}],"replies":[{"embeddable":true,"href":"https:\/\/www.mahet.de\/mahet\/EN\/index.php?rest_route=%2Fwp%2Fv2%2Fcomments&post=955"}],"version-history":[{"count":3,"href":"https:\/\/www.mahet.de\/mahet\/EN\/index.php?rest_route=\/wp\/v2\/pages\/955\/revisions"}],"predecessor-version":[{"id":1126,"href":"https:\/\/www.mahet.de\/mahet\/EN\/index.php?rest_route=\/wp\/v2\/pages\/955\/revisions\/1126"}],"wp:attachment":[{"href":"https:\/\/www.mahet.de\/mahet\/EN\/index.php?rest_route=%2Fwp%2Fv2%2Fmedia&parent=955"}],"curies":[{"name":"wp","href":"https:\/\/api.w.org\/{rel}","templated":true}]}}